{"id":16378,"date":"2023-01-03T16:56:36","date_gmt":"2023-01-03T16:56:36","guid":{"rendered":"https:\/\/aicqpiemonte.it\/?page_id=16378"},"modified":"2026-03-03T14:13:17","modified_gmt":"2026-03-03T14:13:17","slug":"iscrizioni","status":"publish","type":"page","link":"https:\/\/aicqpiemonte.it\/index.php\/associati\/iscrizioni\/","title":{"rendered":"Iscrizioni"},"content":{"rendered":"\t\t<div data-elementor-type=\"wp-page\" data-elementor-id=\"16378\" class=\"elementor elementor-16378\">\n\t\t\t\t\t\t\t\t\t<section class=\"elementor-section elementor-top-section elementor-element elementor-element-e95600a elementor-section-boxed elementor-section-height-default elementor-section-height-default\" data-id=\"e95600a\" data-element_type=\"section\">\n\t\t\t\t\t\t<div class=\"elementor-container elementor-column-gap-default\">\n\t\t\t\t\t<div class=\"elementor-column elementor-col-100 elementor-top-column elementor-element elementor-element-9fa5d32\" data-id=\"9fa5d32\" data-element_type=\"column\">\n\t\t\t<div class=\"elementor-widget-wrap elementor-element-populated\">\n\t\t\t\t\t\t\t\t<div class=\"elementor-element elementor-element-418adc1 elementor-widget elementor-widget-text-editor\" data-id=\"418adc1\" data-element_type=\"widget\" data-widget_type=\"text-editor.default\">\n\t\t\t\t<div class=\"elementor-widget-container\">\n\t\t\t<style>\/*! elementor - v3.18.0 - 20-12-2023 *\/\n.elementor-widget-text-editor.elementor-drop-cap-view-stacked .elementor-drop-cap{background-color:#69727d;color:#fff}.elementor-widget-text-editor.elementor-drop-cap-view-framed .elementor-drop-cap{color:#69727d;border:3px solid;background-color:transparent}.elementor-widget-text-editor:not(.elementor-drop-cap-view-default) .elementor-drop-cap{margin-top:8px}.elementor-widget-text-editor:not(.elementor-drop-cap-view-default) .elementor-drop-cap-letter{width:1em;height:1em}.elementor-widget-text-editor .elementor-drop-cap{float:left;text-align:center;line-height:1;font-size:50px}.elementor-widget-text-editor .elementor-drop-cap-letter{display:inline-block}<\/style>\t\t\t\t<p>AICQ dal 1955 \u00e8 impegnata a seguire e a indirizzare l\u2019evoluzione del concetto di \u201cQualit\u00e0\u201d, mettendo a disposizione dei propri Soci modelli, strumenti ed esperienze. Far crescere la Comunit\u00e0 AICQ, aderendo all\u2019Associazione, significa contribuire attivamente all\u2019obbiettivo principe che essa si prefigge, ossia la diffusione dalla Cultura della Qualit\u00e0 nelle aziende e nelle professioni.<\/p><p><strong>AICQ Piemontese <\/strong>\u00e8 una delle otto Territoriali federate della AICQ ed ha competenza territoriale nelle Regioni Piemonte e Reg. Autonoma Valle d\u2019Aosta.<\/p><p>I Soci dell\u2019AICQ possono essere Individuali o Collettivi e sono\u00a0 suddivisi in classi.<\/p><p>\u25c9 I <strong>Soci Individuali<\/strong> si suddividono in Ordinari, e Juniores (fino a 30 anni di et\u00e0 purch\u00e9 non siano dipendenti di Azienda e non svolgano attivit\u00e0 professionale).<\/p><p>\u25c9 I <strong>Soci Collettivi<\/strong> si suddividono in 9 classi\u00a0 A, S, TS, SB, B, C, D, E, F ed hanno diritto ad un numero di rappresentanti in funzione del numero di addetti.<\/p><p>\u25c9 I <strong>Soci Promoter<\/strong> che sono i soci che presentano nuovi iscritti non appartenenti alla propria azienda e hanno diritto ad uno sconto sull&#8217;iscrizione<\/p>\t\t\t\t\t\t<\/div>\n\t\t\t\t<\/div>\n\t\t\t\t\t<\/div>\n\t\t<\/div>\n\t\t\t\t\t\t\t<\/div>\n\t\t<\/section>\n\t\t\t\t<section class=\"elementor-section elementor-top-section elementor-element elementor-element-859cd5d elementor-section-boxed elementor-section-height-default elementor-section-height-default\" data-id=\"859cd5d\" data-element_type=\"section\" data-settings=\"{&quot;background_background&quot;:&quot;classic&quot;}\">\n\t\t\t\t\t\t<div class=\"elementor-container elementor-column-gap-default\">\n\t\t\t\t\t<div class=\"elementor-column elementor-col-100 elementor-top-column elementor-element elementor-element-65f032c\" data-id=\"65f032c\" data-element_type=\"column\">\n\t\t\t<div class=\"elementor-widget-wrap elementor-element-populated\">\n\t\t\t\t\t\t\t\t<div class=\"elementor-element elementor-element-051dc31 elementor-widget elementor-widget-heading\" data-id=\"051dc31\" data-element_type=\"widget\" data-widget_type=\"heading.default\">\n\t\t\t\t<div class=\"elementor-widget-container\">\n\t\t\t<style>\/*! elementor - v3.18.0 - 20-12-2023 *\/\n.elementor-heading-title{padding:0;margin:0;line-height:1}.elementor-widget-heading .elementor-heading-title[class*=elementor-size-]>a{color:inherit;font-size:inherit;line-height:inherit}.elementor-widget-heading .elementor-heading-title.elementor-size-small{font-size:15px}.elementor-widget-heading .elementor-heading-title.elementor-size-medium{font-size:19px}.elementor-widget-heading .elementor-heading-title.elementor-size-large{font-size:29px}.elementor-widget-heading .elementor-heading-title.elementor-size-xl{font-size:39px}.elementor-widget-heading .elementor-heading-title.elementor-size-xxl{font-size:59px}<\/style><h2 class=\"elementor-heading-title elementor-size-default\"><strong>Richiesta di adesione all'associazione<\/strong><\/h2>\t\t<\/div>\n\t\t\t\t<\/div>\n\t\t\t\t<div class=\"elementor-element elementor-element-73ceeaa elementor-widget elementor-widget-text-editor\" data-id=\"73ceeaa\" data-element_type=\"widget\" data-widget_type=\"text-editor.default\">\n\t\t\t\t<div class=\"elementor-widget-container\">\n\t\t\t\t\t\t\t<p><strong>Per associarsi Vi preghiamo di compilare il form cliccando il bottone sottostante.<\/strong><\/p>\t\t\t\t\t\t<\/div>\n\t\t\t\t<\/div>\n\t\t\t\t<div class=\"elementor-element elementor-element-8c1bc38 elementor-align-center elementor-widget elementor-widget-button\" data-id=\"8c1bc38\" data-element_type=\"widget\" data-widget_type=\"button.default\">\n\t\t\t\t<div class=\"elementor-widget-container\">\n\t\t\t\t\t<div class=\"elementor-button-wrapper\">\n\t\t\t<a class=\"elementor-button elementor-button-link elementor-size-lg\" href=\"https:\/\/portal.aicqpiemonte.it\/signup.php\">\n\t\t\t\t\t\t<span class=\"elementor-button-content-wrapper\">\n\t\t\t\t\t\t<span class=\"elementor-button-text\">ISCRIVITI<\/span>\n\t\t<\/span>\n\t\t\t\t\t<\/a>\n\t\t<\/div>\n\t\t\t\t<\/div>\n\t\t\t\t<\/div>\n\t\t\t\t<div class=\"elementor-element elementor-element-386ac14 elementor-widget elementor-widget-text-editor\" data-id=\"386ac14\" data-element_type=\"widget\" data-widget_type=\"text-editor.default\">\n\t\t\t\t<div class=\"elementor-widget-container\">\n\t\t\t\t\t\t\t<p>La Vostra adesione ed il Vostro contributo economico sono importanti per assicurare la continuazione e lo sviluppo delle <br \/>attivit\u00e0 no profit dell\u2019AICQ Piemontese e Valle d\u2019Aosta. La quota annua dell\u2019importo previsto dal Vostro inquadramento, <br \/>come da tabella sotto riportata, sar\u00e0 da versare ogni anno entro il\u00a0<strong><u>15 marzo 2026<\/u><\/strong><\/p>\t\t\t\t\t\t<\/div>\n\t\t\t\t<\/div>\n\t\t\t\t\t<\/div>\n\t\t<\/div>\n\t\t\t\t\t\t\t<\/div>\n\t\t<\/section>\n\t\t\t\t<section class=\"elementor-section elementor-top-section elementor-element elementor-element-97e88ae elementor-section-boxed elementor-section-height-default elementor-section-height-default\" data-id=\"97e88ae\" data-element_type=\"section\">\n\t\t\t\t\t\t<div class=\"elementor-container elementor-column-gap-default\">\n\t\t\t\t\t<div class=\"elementor-column elementor-col-100 elementor-top-column elementor-element elementor-element-fcda937\" data-id=\"fcda937\" data-element_type=\"column\">\n\t\t\t<div class=\"elementor-widget-wrap elementor-element-populated\">\n\t\t\t\t\t\t\t\t<div class=\"elementor-element elementor-element-4722982 elementor-widget elementor-widget-heading\" data-id=\"4722982\" data-element_type=\"widget\" data-widget_type=\"heading.default\">\n\t\t\t\t<div class=\"elementor-widget-container\">\n\t\t\t<h2 class=\"elementor-heading-title elementor-size-default\">Le novit\u00e0 incluse nella quota 2026<\/h2>\t\t<\/div>\n\t\t\t\t<\/div>\n\t\t\t\t\t<\/div>\n\t\t<\/div>\n\t\t\t\t\t\t\t<\/div>\n\t\t<\/section>\n\t\t\t\t<section class=\"elementor-section elementor-top-section elementor-element elementor-element-d68a7aa elementor-section-boxed elementor-section-height-default elementor-section-height-default\" data-id=\"d68a7aa\" data-element_type=\"section\">\n\t\t\t\t\t\t<div class=\"elementor-container elementor-column-gap-default\">\n\t\t\t\t\t<div class=\"elementor-column elementor-col-100 elementor-top-column elementor-element elementor-element-bf0b909\" data-id=\"bf0b909\" data-element_type=\"column\">\n\t\t\t<div class=\"elementor-widget-wrap elementor-element-populated\">\n\t\t\t\t\t\t\t\t<div class=\"elementor-element elementor-element-303174a elementor-widget elementor-widget-heading\" data-id=\"303174a\" data-element_type=\"widget\" data-widget_type=\"heading.default\">\n\t\t\t\t<div class=\"elementor-widget-container\">\n\t\t\t<h2 class=\"elementor-heading-title elementor-size-default\">Le 6S per i Soci... di Qualit\u00e0<\/h2>\t\t<\/div>\n\t\t\t\t<\/div>\n\t\t\t\t\t<\/div>\n\t\t<\/div>\n\t\t\t\t\t\t\t<\/div>\n\t\t<\/section>\n\t\t\t\t<section class=\"elementor-section elementor-top-section elementor-element elementor-element-d71f227 elementor-section-boxed elementor-section-height-default elementor-section-height-default\" data-id=\"d71f227\" data-element_type=\"section\">\n\t\t\t\t\t\t<div class=\"elementor-container elementor-column-gap-default\">\n\t\t\t\t\t<div class=\"elementor-column elementor-col-100 elementor-top-column elementor-element elementor-element-7890e5d\" data-id=\"7890e5d\" data-element_type=\"column\">\n\t\t\t<div class=\"elementor-widget-wrap elementor-element-populated\">\n\t\t\t\t\t\t\t\t<div class=\"elementor-element elementor-element-a01045f elementor-widget__width-initial elementor-widget elementor-widget-text-editor\" data-id=\"a01045f\" data-element_type=\"widget\" data-widget_type=\"text-editor.default\">\n\t\t\t\t<div class=\"elementor-widget-container\">\n\t\t\t\t\t\t\t<p><span style=\"color: #393939; font-weight: bold; background-color: var(--background); font-family: var(--e-global-typography-text-font-family);\">1.\u00a0 \u00a0<\/span><span style=\"font-family: var(--e-global-typography-text-font-family); background-color: var(--background);\"><span style=\"color: #393939;\"><b><u>Sportello Qualit\u00e0\u00a0<\/u><br \/><\/b><\/span><\/span><span style=\"background-color: var(--background); font-family: var(--e-global-typography-text-font-family);\">Il filo diretto con l&#8217;esperto<br \/><\/span><span style=\"background-color: var(--background); color: #393939; font-family: var(--e-global-typography-text-font-family);\">Dubbi su normative, standard o best practices?<br \/>Evita lunghe ricerche: scrivi a\u00a0<a href=\"mailto:sportelloqualita@aicqpiemonte.it\">sportelloqualita@aicqpiemonte.it<\/a>. Il nostro team di esperti ti risponder\u00e0 in modo chiaro, rapido e autorevole.<\/span><\/p><p><span style=\"font-weight: bold; color: #393939; background-color: var(--background); font-family: var(--e-global-typography-text-font-family);\"><br \/>2.\u00a0 \u00a0<\/span><u style=\"font-weight: bold; color: #393939; background-color: var(--background); font-family: var(--e-global-typography-text-font-family);\">Strumenti<\/u><\/p><p><span style=\"font-family: var(--e-global-typography-text-font-family); background-color: var(--background);\">La tua cassetta degli attrezzi<br \/><\/span><span style=\"font-family: var(--e-global-typography-text-font-family); background-color: var(--background); color: #393939;\">Materiali tecnici e risorse esclusive a portata di click. Il\u00a0<\/span><a href=\"https:\/\/portal.aicqpiemonte.it\/admin\/index.php\" target=\"_blank\" rel=\"noopener\">Portale Soci<\/a>\u00a0<span style=\"font-family: var(--e-global-typography-text-font-family); background-color: var(--background); color: #393939;\">\u00e8 la risorsa operativa progettata per supportarti quotidianamente.<\/span><\/p><p><span style=\"font-weight: bold; color: #393939; background-color: var(--background); font-family: var(--e-global-typography-text-font-family);\"><br \/>3.\u00a0 \u00a0<\/span><u style=\"font-weight: bold; color: #393939; background-color: var(--background); font-family: var(--e-global-typography-text-font-family);\">Serate a tema<\/u><\/p><p><span style=\"font-family: var(--e-global-typography-text-font-family); background-color: var(--background);\">Networking e confronto professionale<br \/><\/span><span style=\"font-family: var(--e-global-typography-text-font-family); background-color: var(--background); color: #393939;\">Dialoghi aperti e condivisione di buone prassi. Partecipa ai nostri eventi per coltivare relazioni strategiche e, quando possibile, proseguire il confronto durante i nostri aperitivi conviviali.<\/span><span style=\"font-family: var(--e-global-typography-text-font-family); background-color: var(--background); color: #393939;\"><br \/><\/span><\/p><p><span style=\"font-family: var(--e-global-typography-text-font-family); background-color: var(--background); color: #393939;\">\u00a0<\/span><\/p><p><span style=\"color: #393939; font-weight: bold; background-color: var(--background); font-family: var(--e-global-typography-text-font-family);\">4.\u00a0 \u00a0<\/span><span style=\"font-family: var(--e-global-typography-text-font-family); background-color: var(--background);\"><span style=\"color: #393939;\"><span style=\"font-weight: bold;\"><u>Scopri l&#8217;Azienda\u00a0<\/u><br \/><\/span><\/span><\/span><span style=\"background-color: var(--background); font-family: var(--e-global-typography-text-font-family);\"><br \/>L&#8217;eccellenza dal vivo\u00a0<br \/><\/span><span style=\"color: #393939;\">Entra nel cuore dell&#8217;innovazione. Partecipa ai tour aziendali o apri le porte della Tua realt\u00e0: il benchmarking dal vivo \u00e8 lo strumento pi\u00f9 efficace per generare ispirazione e nuove collaborazioni.<\/span><\/p><p>\u00a0<\/p><p><span style=\"font-weight: bold; color: #393939; background-color: var(--background); font-family: var(--e-global-typography-text-font-family);\">5.\u00a0 \u00a0<\/span><u style=\"font-weight: bold; color: #393939; background-color: var(--background); font-family: var(--e-global-typography-text-font-family);\">Sviluppo Competenze<\/u><\/p><p><span style=\"font-family: var(--e-global-typography-text-font-family); background-color: var(--background);\">Formazione d&#8217;eccellenza<br \/><span style=\"color: #393939;\">Accedi a condizioni di partecipazione agevolate all&#8217;eccellente Offerta Formativa Skillab 2026: un catalogo di alto profilo progettato per l&#8217;aggiornamento costante delle Tue competenze<\/span><\/span><\/p><p><span style=\"font-weight: bold; color: #393939; background-color: var(--background); font-family: var(--e-global-typography-text-font-family);\"><br \/>6.\u00a0 \u00a0<\/span><u style=\"font-weight: bold; color: #393939; background-color: var(--background); font-family: var(--e-global-typography-text-font-family);\">Scatta un click<\/u><\/p><p><span style=\"font-family: var(--e-global-typography-text-font-family); background-color: var(--background);\">La Qualit\u00e0 attraverso il Tuo sguardo<br \/><\/span><span style=\"color: #393939;\">Partecipa alla 3\u00b0 Edizione del Click Quality Contest. Il concorso fotografico per raccontare la Qualit\u00e0 attraverso l&#8217;obiettivo: le migliori opere saranno premiate ed esposte nel 2026.<\/span><\/p><p>\u00a0<\/p><p><strong>Continuiamo a crescere insieme?<\/strong><\/p><p><span style=\"color: #393939;\">Rinnovare la Tua partecipazione \u00e8 semplice: scegli la quota pi\u00f9 adatta alle Tue esigenze e conferma la Tua presenza nel network che guida l&#8217;eccellenza della qualit\u00e0 in Piemonte.<\/span><\/p><p>\u00a0<\/p>\t\t\t\t\t\t<\/div>\n\t\t\t\t<\/div>\n\t\t\t\t\t<\/div>\n\t\t<\/div>\n\t\t\t\t\t\t\t<\/div>\n\t\t<\/section>\n\t\t\t\t<section class=\"elementor-section elementor-top-section elementor-element elementor-element-1d2658d elementor-section-boxed elementor-section-height-default elementor-section-height-default\" data-id=\"1d2658d\" data-element_type=\"section\">\n\t\t\t\t\t\t<div class=\"elementor-container elementor-column-gap-default\">\n\t\t\t\t\t<div class=\"elementor-column elementor-col-100 elementor-top-column elementor-element elementor-element-092c719\" data-id=\"092c719\" data-element_type=\"column\">\n\t\t\t<div class=\"elementor-widget-wrap elementor-element-populated\">\n\t\t\t\t\t\t\t\t<div class=\"elementor-element elementor-element-5d78636 elementor-widget elementor-widget-heading\" data-id=\"5d78636\" data-element_type=\"widget\" data-widget_type=\"heading.default\">\n\t\t\t\t<div class=\"elementor-widget-container\">\n\t\t\t<h3 class=\"elementor-heading-title elementor-size-default\">L\u2019Associazione all\u2019AICQ d\u00e0 inoltre diritto ai seguenti vantaggi<\/h3>\t\t<\/div>\n\t\t\t\t<\/div>\n\t\t\t\t<div class=\"elementor-element elementor-element-11095e7 elementor-widget elementor-widget-text-editor\" data-id=\"11095e7\" data-element_type=\"widget\" data-widget_type=\"text-editor.default\">\n\t\t\t\t<div class=\"elementor-widget-container\">\n\t\t\t\t\t\t\t<ol><li><b>Sconti per i Corsi a pagamento di AICQ<\/b> ( diretti o in partnership con enti terzi) a tutti i soci individuali ed a tutti i dipendenti dei Soci collettivi.<br \/><br \/><\/li><li><b>Ricevimento gratuito della Rivista Nazionale \u201cQualit\u00e0\u201d nel formato digitale<\/b>, delle varie newsletter informative dell\u2019AICQ Piemontese, Nazionale, Comitati e Settori ( ex E-magazine La Qualit\u00e0 nell\u2019Aerospace ) etc\u2026<br \/><br \/><\/li><li><b>Partecipazione a Gruppi di Lavoro di Settori e Comitati<\/b> e possibilit\u00e0 di richiedere acquisizione di norme e testi di approfondimento<br \/><br \/><\/li><li><b>Partecipazione alle attivit\u00e0 dell\u2019AICQ<\/b> (convegni, workshop, etc.) a tutti i soci individuali ed a tutti i dipendenti dell\u2019Ente o Azienda associata (soci collettivi)<br \/><br \/><\/li><li><b>Sconti<\/b> sul prezzo di <b>inserzioni pubblicitarie<\/b> sulla rivista \u201cQualit\u00e0\u201d e altre Convenzioni riservate.<br \/><br \/><\/li><li>Possibilit\u00e0 di avere <b>pubblicit\u00e0 sul sito dell\u2019associazione di iniziative culturali <\/b>promosse dai nostri Associati collettivi.<br \/><br \/><\/li><li><b>Convenzioni particolari, esclusive<\/b> per gli Associati.<\/li><\/ol>\t\t\t\t\t\t<\/div>\n\t\t\t\t<\/div>\n\t\t\t\t\t<\/div>\n\t\t<\/div>\n\t\t\t\t\t\t\t<\/div>\n\t\t<\/section>\n\t\t\t\t<section class=\"elementor-section elementor-top-section elementor-element elementor-element-c685c46 elementor-section-boxed elementor-section-height-default elementor-section-height-default\" data-id=\"c685c46\" data-element_type=\"section\">\n\t\t\t\t\t\t<div class=\"elementor-container elementor-column-gap-default\">\n\t\t\t\t\t<div class=\"elementor-column elementor-col-100 elementor-top-column elementor-element elementor-element-05a9b7d\" data-id=\"05a9b7d\" data-element_type=\"column\">\n\t\t\t<div class=\"elementor-widget-wrap elementor-element-populated\">\n\t\t\t\t\t\t\t\t<div class=\"elementor-element elementor-element-1a28561 elementor-widget elementor-widget-heading\" data-id=\"1a28561\" data-element_type=\"widget\" data-widget_type=\"heading.default\">\n\t\t\t\t<div class=\"elementor-widget-container\">\n\t\t\t<h2 class=\"elementor-heading-title elementor-size-default\">Codice deontologico<\/h2>\t\t<\/div>\n\t\t\t\t<\/div>\n\t\t\t\t<div class=\"elementor-element elementor-element-f4e4c3d elementor-widget elementor-widget-text-editor\" data-id=\"f4e4c3d\" data-element_type=\"widget\" data-widget_type=\"text-editor.default\">\n\t\t\t\t<div class=\"elementor-widget-container\">\n\t\t\t\t\t\t\t<ol><li>Gli Enti Associati, i Settori, i Comitati, i Soci sono tenuti al <b>rispetto dello Statuto dell\u2019Associazione<\/b> ed a operare nello spirito di aperta collaborazione, nell\u2019interesse<br \/>dell\u2019Associazione. Il socio nell\u2019aderire all\u2019Associazione dichiara la propria lealt\u00e0 alle strutture AICQ nelle quali si riconosce ed alle Funzioni da cui dipende.<\/li><li>Il Socio ha il dovere di rispettare le regole della <b>convivenza civile, della morale e dell\u2019etica professionale<\/b>. Tutti i Soci hanno inoltre il dovere di non discreditare con le parole o i fatti l\u2019immagine dell\u2019Associazione e degli Enti che la compongono e di non operare in modo da rendere danno agli stessi.<\/li><li>I Soci di AICQ <b>non possono <\/b>far parte di enti\/associazioni che ostacolino l\u2019attivit\u00e0 di AICQ ovvero che statutariamente o in via di fatto siano <b>in contraddizione con i principi etici e la missione culturale di AICQ.<\/b><\/li><li>Ogni Socio o struttura AICQ deve utilizzare il <b>marchio AICQ nel pieno rispetto dei ruoli stabiliti dallo Statuto<\/b>, delle deleghe formalmente ricevute, delle norme di legge.<\/li><li>Gli Enti Associati, i Settori, i Comitati <b>non possono effettuare<\/b> <b>attivit\u00e0 pubbliche che non rientrino nelle linee programmatiche approvate dall\u2019AICQ<\/b>; della inadempienza risponde il<br \/>responsabile della struttura.<\/li><li>Nessuna struttura AICQ pu\u00f2 organizzare attivit\u00e0 chiaramente individuate nelle competenze di altre strutture AICQ senza la <b>preventiva autorizzazione<\/b> delle stesse. In particolare,<br \/>nessuna struttura AICQ pu\u00f2 operare nel territorio di competenza di una Territoriale senza la preventiva autorizzazione della stessa.<\/li><li>Le Territoriali non possono intraprendere iniziativa a livello nazionale od internazionale senza l\u2019<b>autorizzazione della Presidenza AICQ<\/b>. Fra le iniziative a carattere nazionale sono<br \/>comprese le collaborazioni con Enti che operano su scala nazionale.<\/li><li>Il Socio individuale, preso atto del carattere volontaristico dell\u2019Associazione, si impegna a prestare la propria opera <b>senza fini di lucro o contropartite di carattere ideologico o<br \/>economico<\/b>, ma solo l\u2019obiettivo di diffondere la cultura della Qualit\u00e0.<\/li><li>Nessun Socio individuale pu\u00f2 contemporaneamente avere <b>due o pi\u00f9 cariche sociali incompatibili<\/b>, cio\u00e8 che comportino interessi antitetici. Non \u00e8 possibile essere simultaneamente Presidente di AICQ Nazionale e di una Territoriale, n\u00e9 si pu\u00f2 al contempo essere Presidente o membro del Consiglio Direttivo di due o pi\u00f9 Territoriali per il motivo<br \/>che verrebbe inficiata la corretta rappresentativit\u00e0 degli Enti Associati.<\/li><li>Nessun Socio individuale pu\u00f2 effettuare attivit\u00e0 professionale verso terzi a nome dell\u2019AICQ, <b>salvo autorizzazione scritta del Presidente<\/b>.<\/li><li>Nessun Socio individuale pu\u00f2 prendere impegni per conto AICQ verso terzi, senza <b>esplicita approvazione dei responsabili della struttura di appartenenza <\/b>(Territoriali, Settori,<br \/>Comitati).<\/li><li>Nessun Socio individuale pu\u00f2 strumentalizzare la propria appartenenza all\u2019AICQ per <b>scopi di interesse personale<\/b>.<\/li><li>Il Socio non pu\u00f2 ricoprire cariche in organismi AICQ o in cui l\u2019AICQ \u00e8 coinvolta che siano <b>incompatibili con la propria attivit\u00e0 professionale<\/b>. Tutti i Soci che in AICQ ricoprono cariche a qualunque livello o assumono incarichi di qualsivoglia durata devono astenersi dall\u2019assumere posizioni in potenziale conflitto di interessi. Nel dubbio hanno il dovere di <b>sottoporre il caso per iscritto al Collegio dei Probiviri<\/b>. Essi non possono comunque, direttamente o indirettamente, progettare o erogare servizi in concorrenza con quelli offerti da AICQ.<\/li><li>Nell\u2019accettare cariche che presuppongano responsabilit\u00e0 operative o di immagine (quali Presidente di Enti Associati, Settori e Comitato nonch\u00e9 Consiglieri Nazionali) il Socio si impegna ad <b>onorare il ruolo assunto<\/b>.<\/li><li>\u00a0Il Socio si impegna ad <b>accettare le decisioni del Collegio dei Probiviri<\/b> senza appello.<\/li><\/ol><p>Milano, 29 dicembre 2020<\/p>\t\t\t\t\t\t<\/div>\n\t\t\t\t<\/div>\n\t\t\t\t\t<\/div>\n\t\t<\/div>\n\t\t\t\t\t\t\t<\/div>\n\t\t<\/section>\n\t\t\t\t<section class=\"elementor-section elementor-top-section elementor-element elementor-element-2083c70 elementor-section-boxed elementor-section-height-default elementor-section-height-default\" data-id=\"2083c70\" data-element_type=\"section\">\n\t\t\t\t\t\t<div class=\"elementor-container elementor-column-gap-default\">\n\t\t\t\t\t<div class=\"elementor-column elementor-col-100 elementor-top-column elementor-element elementor-element-1290bcb\" data-id=\"1290bcb\" data-element_type=\"column\">\n\t\t\t<div class=\"elementor-widget-wrap elementor-element-populated\">\n\t\t\t\t\t\t\t\t<div class=\"elementor-element elementor-element-56e517e elementor-widget elementor-widget-heading\" data-id=\"56e517e\" data-element_type=\"widget\" data-widget_type=\"heading.default\">\n\t\t\t\t<div class=\"elementor-widget-container\">\n\t\t\t<h2 class=\"elementor-heading-title elementor-size-default\">Quote associative<\/h2>\t\t<\/div>\n\t\t\t\t<\/div>\n\t\t\t\t<div class=\"elementor-element elementor-element-2346b6e elementor-widget elementor-widget-text-editor\" data-id=\"2346b6e\" data-element_type=\"widget\" data-widget_type=\"text-editor.default\">\n\t\t\t\t<div class=\"elementor-widget-container\">\n\t\t\t\t\t\t\t<table><tbody><tr><td width=\"141\"><p><strong>Tipo socio<\/strong><\/p><\/td><td width=\"57\"><p><strong>Sigla<\/strong><\/p><\/td><td width=\"321\"><p><strong>Classe<\/strong><\/p><\/td><td width=\"76\"><p><strong>Numero<br \/>rappresentanti<\/strong><\/p><\/td><td width=\"142\"><p><strong>Quota iscrizione <br \/>annuale \u20ac<\/strong><\/p><\/td><td width=\"132\"><p><strong>Quota per ogni <br \/>Rappresentante <br \/>aggiuntivo \u20ac<\/strong><\/p><\/td><\/tr><tr><td rowspan=\"2\" width=\"141\"><p><strong>Individuale<\/strong><\/p><\/td><td width=\"57\"><p>I<\/p><\/td><td width=\"321\"><p>Ordinario<\/p><\/td><td width=\"76\"><p>1<\/p><\/td><td width=\"142\"><p><strong>85 + 2 marca da bollo<\/strong><\/p><\/td><td width=\"132\"><p>&#8211;<\/p><\/td><\/tr><tr><td width=\"57\"><p>J<\/p><\/td><td width=\"321\"><p>Giovane<\/p><\/td><td width=\"76\"><p>1<\/p><\/td><td width=\"142\"><p><strong>30<\/strong><\/p><\/td><td width=\"132\"><p>&#8211;<\/p><\/td><\/tr><tr><td width=\"141\"><p><strong>Individuale <br \/>(Partnership AISS)<\/strong><\/p><\/td><td width=\"57\"><p>H<\/p><\/td><td width=\"321\"><p>Ordinario (Comprende quota AICQ + AISS)<\/p><\/td><td width=\"76\"><p>1<\/p><\/td><td width=\"142\"><p><strong>130 +\u00a0<\/strong><span style=\"color: var(--accent); font-weight: bold; background-color: var(--background); font-family: var(--e-global-typography-text-font-family);\">2 marca da bollo<\/span><\/p><\/td><td width=\"132\"><p>&#8211;<\/p><\/td><\/tr><tr><td rowspan=\"9\" width=\"141\"><p><strong>Collettivo<\/strong><\/p><\/td><td width=\"57\"><p>S<\/p><\/td><td width=\"321\"><p>Istituti Scolastici<\/p><\/td><td width=\"76\"><p>1<\/p><\/td><td width=\"142\"><p><strong>50<\/strong><\/p><\/td><td rowspan=\"9\" width=\"132\"><p><strong>35<\/strong><\/p><\/td><\/tr><tr><td width=\"57\"><p>TS<\/p><\/td><td width=\"321\"><p>Enti del Terzo Settore<\/p><\/td><td width=\"76\"><p>1<\/p><\/td><td width=\"142\"><p><strong>50<\/strong><\/p><\/td><\/tr><tr><td width=\"57\"><p>SB<\/p><\/td><td width=\"321\"><p>Societ\u00e0 Benefit<\/p><\/td><td width=\"76\"><p>2<\/p><\/td><td width=\"142\"><p><strong>100\u00a0<\/strong><span style=\"background-color: var(--background); font-family: var(--e-global-typography-text-font-family); font-weight: bold; color: var(--accent);\">\u00a0+\u00a0<\/span><span style=\"font-family: var(--e-global-typography-text-font-family); color: var(--accent); font-weight: bold; background-color: var(--background);\">2 marca da bollo<\/span><\/p><\/td><\/tr><tr><td width=\"57\"><p>A<\/p><\/td><td width=\"321\"><p>Universit\u00e0 e Pubbliche Amministrazioni<\/p><\/td><td width=\"76\"><p>2<\/p><\/td><td width=\"142\"><p><strong>160\u00a0<\/strong><span style=\"background-color: var(--background); font-family: var(--e-global-typography-text-font-family); font-weight: bold; color: var(--accent);\">\u00a0+\u00a0<\/span><span style=\"font-family: var(--e-global-typography-text-font-family); color: var(--accent); font-weight: bold; background-color: var(--background);\">2 marca da bollo<\/span><\/p><\/td><\/tr><tr><td width=\"57\"><p>B<\/p><\/td><td width=\"321\"><p>Imprese con meno di 50 dipendenti<\/p><\/td><td width=\"76\"><p>2<\/p><\/td><td width=\"142\"><p><strong>160\u00a0<\/strong><span style=\"background-color: var(--background); font-family: var(--e-global-typography-text-font-family); font-weight: bold; color: var(--accent);\">\u00a0+\u00a0<\/span><span style=\"font-family: var(--e-global-typography-text-font-family); color: var(--accent); font-weight: bold; background-color: var(--background);\">2 marca da bollo<\/span><\/p><\/td><\/tr><tr><td width=\"57\"><p>C<\/p><\/td><td width=\"321\"><p>Imprese con 51 &#8211; 200 dipendenti<\/p><\/td><td width=\"76\"><p>3<\/p><\/td><td width=\"142\"><p><strong>240\u00a0<\/strong><span style=\"background-color: var(--background); font-family: var(--e-global-typography-text-font-family); font-weight: bold; color: var(--accent);\">\u00a0+\u00a0<\/span><span style=\"font-family: var(--e-global-typography-text-font-family); color: var(--accent); font-weight: bold; background-color: var(--background);\">2 marca da bollo<\/span><\/p><\/td><\/tr><tr><td width=\"57\"><p>D<\/p><\/td><td width=\"321\"><p>Imprese con 201 &#8211; 500 dipendenti<\/p><\/td><td width=\"76\"><p>4<\/p><\/td><td width=\"142\"><p><strong>320<\/strong><span style=\"background-color: var(--background); font-family: var(--e-global-typography-text-font-family); font-weight: bold; color: var(--accent);\">\u00a0+\u00a0<\/span><span style=\"font-family: var(--e-global-typography-text-font-family); color: var(--accent); font-weight: bold; background-color: var(--background);\">2 marca da bollo<\/span><\/p><\/td><\/tr><tr><td width=\"57\"><p>E<\/p><\/td><td width=\"321\"><p>Imprese con 501 &#8211; 1000 dipendenti<\/p><\/td><td width=\"76\"><p>8<\/p><\/td><td width=\"142\"><p><strong>640\u00a0<\/strong><span style=\"background-color: var(--background); font-family: var(--e-global-typography-text-font-family); font-weight: bold; color: var(--accent);\">\u00a0+\u00a0<\/span><span style=\"font-family: var(--e-global-typography-text-font-family); color: var(--accent); font-weight: bold; background-color: var(--background);\">2 marca da bollo<\/span><\/p><\/td><\/tr><tr><td width=\"57\"><p>F<\/p><\/td><td width=\"321\"><p>Imprese con pi\u00f9 di 1000 dipendenti<\/p><\/td><td width=\"76\"><p>10<\/p><\/td><td width=\"142\"><p><strong>800 <\/strong><span style=\"background-color: var(--background); font-family: var(--e-global-typography-text-font-family); font-weight: bold; color: var(--accent);\">\u00a0+\u00a0<\/span><span style=\"font-family: var(--e-global-typography-text-font-family); color: var(--accent); font-weight: bold; background-color: var(--background);\">2 marca da bollo<\/span><\/p><\/td><\/tr><tr><td rowspan=\"2\" width=\"141\"><p><strong>Soci Benemeriti<\/strong>\u00a0<\/p><\/td><td width=\"57\"><p>M1<\/p><\/td><td width=\"321\"><p>Socio Benemerito Individuale<\/p><\/td><td colspan=\"3\" rowspan=\"2\" width=\"350\"><p>Accordo con il Presidente dell\u2019Associazione Territoriale<\/p><\/td><\/tr><tr><td width=\"57\"><p>M2<\/p><\/td><td width=\"321\"><p>Socio Sostenitore Collettivo<\/p><\/td><\/tr><tr><td width=\"141\"><p><strong>Promoter<\/strong><\/p><\/td><td width=\"57\"><p>P<\/p><\/td><td width=\"321\"><p>Socio che presenta nuovi iscritti non appartenenti alla propria azienda<\/p><\/td><td colspan=\"3\" width=\"350\"><p>Sconto del 10% sull\u2019iscrizione all\u2019Associazione per l\u2019anno successivo, fino ad un massimo del 100%<\/p><\/td><\/tr><\/tbody><\/table>\t\t\t\t\t\t<\/div>\n\t\t\t\t<\/div>\n\t\t\t\t\t<\/div>\n\t\t<\/div>\n\t\t\t\t\t\t\t<\/div>\n\t\t<\/section>\n\t\t\t\t<section class=\"elementor-section elementor-top-section elementor-element elementor-element-88b6b76 elementor-section-boxed elementor-section-height-default elementor-section-height-default\" data-id=\"88b6b76\" data-element_type=\"section\" data-settings=\"{&quot;background_background&quot;:&quot;classic&quot;}\">\n\t\t\t\t\t\t<div class=\"elementor-container elementor-column-gap-default\">\n\t\t\t\t\t<div class=\"elementor-column elementor-col-100 elementor-top-column elementor-element elementor-element-917e42f\" data-id=\"917e42f\" data-element_type=\"column\">\n\t\t\t<div class=\"elementor-widget-wrap elementor-element-populated\">\n\t\t\t\t\t\t\t\t<div class=\"elementor-element elementor-element-7451649 elementor-widget elementor-widget-heading\" data-id=\"7451649\" data-element_type=\"widget\" data-widget_type=\"heading.default\">\n\t\t\t\t<div class=\"elementor-widget-container\">\n\t\t\t<h2 class=\"elementor-heading-title elementor-size-default\"><strong>Modalit\u00e0 versamento quota assicurativa<\/strong><\/h2>\t\t<\/div>\n\t\t\t\t<\/div>\n\t\t\t\t<div class=\"elementor-element elementor-element-5fafc54 elementor-widget elementor-widget-text-editor\" data-id=\"5fafc54\" data-element_type=\"widget\" data-widget_type=\"text-editor.default\">\n\t\t\t\t<div class=\"elementor-widget-container\">\n\t\t\t\t\t\t\t<p>Versamento sul conto corrente bancario intestato a:<\/p><p><strong>AICQ ASSOCIAZIONE PIEMONTESE PER LA QUALIT\u00c0<\/strong><\/p><p><strong>\u00a0c\/o Banca Sella SPA<\/strong><\/p><p><strong>IBAN: IT30T0326801000052260194740<\/strong><\/p><p>\u00a0<strong>CAUSALE:\u00a0nella causale di pagamento indicare sempre:<br \/>Quota associativa anno (indicare l\u2019anno solare in corso) \u2013 Cognome e Nome | AZIENDA<\/strong><\/p><p>La ricevuta quietanzata Vi sar\u00e0 rilasciata a pagamento avvenuto, su Vostra richiesta.<\/p>\t\t\t\t\t\t<\/div>\n\t\t\t\t<\/div>\n\t\t\t\t\t<\/div>\n\t\t<\/div>\n\t\t\t\t\t\t\t<\/div>\n\t\t<\/section>\n\t\t\t\t\t\t\t<\/div>\n\t\t","protected":false},"excerpt":{"rendered":"<p>AICQ dal 1955 \u00e8 impegnata a seguire e a indirizzare l\u2019evoluzione del concetto di \u201cQualit\u00e0\u201d, mettendo a disposizione dei propri Soci modelli, strumenti ed esperienze. Far crescere la Comunit\u00e0 AICQ, aderendo all\u2019Associazione, significa contribuire attivamente all\u2019obbiettivo principe che essa si prefigge, ossia la diffusione dalla Cultura della Qualit\u00e0 nelle aziende e nelle professioni. AICQ Piemontese [&hellip;]<\/p>\n","protected":false},"author":1,"featured_media":0,"parent":16352,"menu_order":2,"comment_status":"closed","ping_status":"closed","template":"","meta":{"inline_featured_image":false,"footnotes":""},"class_list":["post-16378","page","type-page","status-publish","hentry"],"_links":{"self":[{"href":"https:\/\/aicqpiemonte.it\/index.php\/wp-json\/wp\/v2\/pages\/16378","targetHints":{"allow":["GET"]}}],"collection":[{"href":"https:\/\/aicqpiemonte.it\/index.php\/wp-json\/wp\/v2\/pages"}],"about":[{"href":"https:\/\/aicqpiemonte.it\/index.php\/wp-json\/wp\/v2\/types\/page"}],"author":[{"embeddable":true,"href":"https:\/\/aicqpiemonte.it\/index.php\/wp-json\/wp\/v2\/users\/1"}],"replies":[{"embeddable":true,"href":"https:\/\/aicqpiemonte.it\/index.php\/wp-json\/wp\/v2\/comments?post=16378"}],"version-history":[{"count":98,"href":"https:\/\/aicqpiemonte.it\/index.php\/wp-json\/wp\/v2\/pages\/16378\/revisions"}],"predecessor-version":[{"id":18070,"href":"https:\/\/aicqpiemonte.it\/index.php\/wp-json\/wp\/v2\/pages\/16378\/revisions\/18070"}],"up":[{"embeddable":true,"href":"https:\/\/aicqpiemonte.it\/index.php\/wp-json\/wp\/v2\/pages\/16352"}],"wp:attachment":[{"href":"https:\/\/aicqpiemonte.it\/index.php\/wp-json\/wp\/v2\/media?parent=16378"}],"curies":[{"name":"wp","href":"https:\/\/api.w.org\/{rel}","templated":true}]}}