{"id":16880,"date":"2023-01-13T17:37:28","date_gmt":"2023-01-13T17:37:28","guid":{"rendered":"https:\/\/aicqpiemonte.it\/?page_id=16880"},"modified":"2023-01-13T17:40:36","modified_gmt":"2023-01-13T17:40:36","slug":"privacy","status":"publish","type":"page","link":"https:\/\/aicqpiemonte.it\/index.php\/privacy\/","title":{"rendered":"Privacy"},"content":{"rendered":"\t\t<div data-elementor-type=\"wp-page\" data-elementor-id=\"16880\" class=\"elementor elementor-16880\">\n\t\t\t\t\t\t\t\t\t<section class=\"elementor-section elementor-top-section elementor-element elementor-element-c685c46 elementor-section-boxed elementor-section-height-default elementor-section-height-default\" data-id=\"c685c46\" data-element_type=\"section\">\n\t\t\t\t\t\t<div class=\"elementor-container elementor-column-gap-default\">\n\t\t\t\t\t<div class=\"elementor-column elementor-col-100 elementor-top-column elementor-element elementor-element-05a9b7d\" data-id=\"05a9b7d\" data-element_type=\"column\">\n\t\t\t<div class=\"elementor-widget-wrap elementor-element-populated\">\n\t\t\t\t\t\t\t\t<div class=\"elementor-element elementor-element-ff5bff4 elementor-widget elementor-widget-heading\" data-id=\"ff5bff4\" data-element_type=\"widget\" data-widget_type=\"heading.default\">\n\t\t\t\t<div class=\"elementor-widget-container\">\n\t\t\t<style>\/*! elementor - v3.18.0 - 20-12-2023 *\/\n.elementor-heading-title{padding:0;margin:0;line-height:1}.elementor-widget-heading .elementor-heading-title[class*=elementor-size-]>a{color:inherit;font-size:inherit;line-height:inherit}.elementor-widget-heading .elementor-heading-title.elementor-size-small{font-size:15px}.elementor-widget-heading .elementor-heading-title.elementor-size-medium{font-size:19px}.elementor-widget-heading .elementor-heading-title.elementor-size-large{font-size:29px}.elementor-widget-heading .elementor-heading-title.elementor-size-xl{font-size:39px}.elementor-widget-heading .elementor-heading-title.elementor-size-xxl{font-size:59px}<\/style><h2 class=\"elementor-heading-title elementor-size-default\">Informativa sul trattamento dei dati personali<\/h2>\t\t<\/div>\n\t\t\t\t<\/div>\n\t\t\t\t<div class=\"elementor-element elementor-element-2c51663 elementor-widget elementor-widget-text-editor\" data-id=\"2c51663\" data-element_type=\"widget\" data-widget_type=\"text-editor.default\">\n\t\t\t\t<div class=\"elementor-widget-container\">\n\t\t\t<style>\/*! elementor - v3.18.0 - 20-12-2023 *\/\n.elementor-widget-text-editor.elementor-drop-cap-view-stacked .elementor-drop-cap{background-color:#69727d;color:#fff}.elementor-widget-text-editor.elementor-drop-cap-view-framed .elementor-drop-cap{color:#69727d;border:3px solid;background-color:transparent}.elementor-widget-text-editor:not(.elementor-drop-cap-view-default) .elementor-drop-cap{margin-top:8px}.elementor-widget-text-editor:not(.elementor-drop-cap-view-default) .elementor-drop-cap-letter{width:1em;height:1em}.elementor-widget-text-editor .elementor-drop-cap{float:left;text-align:center;line-height:1;font-size:50px}.elementor-widget-text-editor .elementor-drop-cap-letter{display:inline-block}<\/style>\t\t\t\t<p>La presente per informare che presso la nostra azienda viene effettuato il trattamento dei dati personali nel pieno rispetto della vigente normativa nazionale dell\u2019Unione Europea in materia di trattamento dei dati personali.<\/p><p>\u00a0<\/p><p>Ai sensi dell\u2019art. 13 e 14 del REGOLAMENTO UE 679\/2016 informiamo che:<\/p><p>\u00a0<\/p><ol><li><strong><u>Titolare del trattamento<\/u><\/strong> \u00e8 AICQ \u2013 Associazione Piemontese per la Qualit\u00e0, in persona del legale rappresentante pro tempore, con sede legale in Torino \u2013 Via Genovesi 19.<\/li><\/ol><ol start=\"2\"><li><strong><u>Responsabile del trattamento<\/u><\/strong> \u00e8 la Dott.sa Elisa Cannata <a href=\"http:\/\/elisa.cannata@aicqpiemonte.it\">elisa.cannata@aicqpiemonte.it<\/a> Tel. 011 5183220<\/li><\/ol><ol start=\"3\"><li><strong><u>Responsabile della Protezione del trattamento dei dati<\/u><\/strong> (cd. Data Protection Officer) Non \u00e8 prevista la nomina per la societ\u00e0 sopra indicata poich\u00e9 il trattamento effettuato non rientra nei casi di cui all\u2019art. 37 del Reg. 679\/2016<\/li><\/ol><ol start=\"4\"><li><strong><u>Finalit\u00e0 del trattamento<\/u><\/strong>: i dati personali vengono trattati nell\u2019ambito della normale attivit\u00e0 dell\u2019impresa secondo le seguenti finalit\u00e0:<\/li><\/ol><ul><li>dirette esclusivamente all\u2019assolvimento degli obblighi contrattuali o per l\u2019acquisizione di informative precontrattuali, nonch\u00e9 per informazioni relative a richieste dell\u2019interessato di forniture e servizi;<\/li><li>connesse agli obblighi previsti da leggi, da regolamenti e dalla normativa comunitaria nonch\u00e9 da disposizioni impartite da autorit\u00e0 a ci\u00f2 legittimate e da organi di vigilanza e controllo, nonch\u00e9 agli obblighi in materia fiscale e contabile;<\/li><li>per attivit\u00e0 di comunicazione, anche di natura marketing e commerciale.<\/li><\/ul><ol start=\"5\"><li><strong><u>Categoria di dati raccolti<\/u><\/strong>: i dati raccolti rientrano nella categoria dei dati personali identificativi (anagrafica, codice fiscale o Partita IVA, estremi di documenti di identificazione) strettamente connessi e strumentali alla gestione dei rapporti con clienti e fornitori (ad esempio acquisizione di informazioni preliminari alla conclusione di un contratto, esecuzione di operazioni sulla base degli obblighi derivanti dal contratto concluso, assolvimento degli obblighi fiscali e contabili, ecc\u2026).<br \/>\u00c8 inoltre inclusa la categoria dei dati particolari, di cui all\u2019art. 9 del Regolamento UE 2016\/679, esclusivamente per l\u2019espletamento degli obblighi di legge.<span style=\"color: #ffffff;\">.<\/span><\/li><\/ol><ol start=\"6\"><li><strong><u>Modalit\u00e0 di trattamento dei dati<\/u><\/strong>: il trattamento dei dati avviene mediante strumenti cartacei, informatici e telematici con logiche strettamente correlate alle finalit\u00e0 stesse e, comunque, in modo da garantire la sicurezza e la riservatezza dei dati stessi. In particolare informiamo che i dati sono:<ul><li>trattati in modo lecito, corretto e trasparente;<\/li><li>raccolti per le finalit\u00e0 sopra determinate, esplicite e legittime, e successivamente trattati in modo che non sia incompatibile con tali finalit\u00e0;<\/li><li>adeguati, pertinenti e limitati a quanto necessario rispetto alle finalit\u00e0 per le quali sono trattati (\u00abminimizzazione dei dati\u00bb);<\/li><li>esatti e, se necessario, aggiornati, cancellati e\/o rettificati;<\/li><li>conservati in una forma tale da consentire l\u2019identificazione per un arco di tempo non superiore al conseguimento delle finalit\u00e0 per le quali sono trattati;<\/li><li>trattati in maniera da garantire un\u2019adeguata sicurezza dei dati personali, compresa la protezione, mediante misure tecniche e organizzative adeguate, da trattamenti non autorizzati o illeciti e dalla perdita, dalla distruzione o dal danno accidentale.<\/li><\/ul><\/li><li><strong><u>Comunicazione dei dati<\/u><\/strong>: per il perseguimento delle finalit\u00e0 indicate al punto 4, dati potranno essere comunicati a societ\u00e0 che effettuano l\u2019acquisizione, la registrazione e il trattamento di dati contenuti in documenti, archivi\u00a0 o supporti\u00a0 per approntare testi, capitolati e convenzioni; a societ\u00e0 di assistenza legale; a progettisti; a societ\u00e0 tra le quali, quelle\u00a0 per\u00a0 l\u2019informatica, per consentire la gestione degli strumenti elettronici, per le procedure di archiviazione, per la stampa della corrispondenza e per\u00a0 la\u00a0 gestione\u00a0 della posta in arrivo e in partenza; a societ\u00e0 preposte al controllo delle frodi, al recupero crediti e la rilevazione di rischi creditizi e di insolvenze; a Pubbliche Amministrazioni, ai sensi di legge; a tutti quei soggetti che svolgono servizi bancari, finanziari ed assicurativi; a societ\u00e0 di servizi per la gestione del sistema informativo dell\u2019azienda; a societ\u00e0 che svolgono attivit\u00e0 di trasmissione, imbustamento, trasporto e smistamento delle comunicazioni; a studi o societ\u00e0 nell\u2019ambito di rapporti di assistenza e consulenza; all\u2019eventuale Organismo di Vigilanza; a enti certificatori dei Sistemi di Gestione; al Collegio sindacale; a soggetti che svolgono adempimenti di controllo, revisione e certificazione delle attivit\u00e0 svolte dall\u2019azienda; a soggetti ai quali la comunicazione risulti necessaria o funzionale al corretto adempimento degli obblighi contrattuali assunti, nonch\u00e9 degli obblighi derivanti dalla legge o che hanno accesso ai dati personali in forza di provvedimenti normativi o amministrativi; a studi commercialisti e stazioni appaltanti.<br \/>L\u2019elenco completo dei responsabili \u00e8 comunque disponibile presso la sede dell\u2019azienda e per reperirlo \u00e8 sufficiente rivolgersi al Titolare sopra indicato.<\/li><\/ol><ol start=\"8\"><li><strong><u>Diffusione dei dati<\/u><\/strong>: i dati personali non sono soggetti a diffusione.<\/li><\/ol><ol start=\"9\"><li><strong><u>Trasferimento all\u2019estero<\/u><\/strong>: i dati personali possono essere trasferiti fuori dal territorio nazionale in conformit\u00e0 alle disposizioni dello Scudo EU-USA e Svizzera-USA per la privacy (<em>EU-US Privacy Shield Framework e Swiss-US Privacy Shield Framework<\/em>).<\/li><\/ol><ol start=\"10\"><li><strong><u>Obbligatoriet\u00e0\/facoltativit\u00e0 del conferimento dei dati<\/u><\/strong>: ferma l\u2019autonomia personale dell\u2019interessato, il conferimento dei dati personali, sia comuni sia rientranti in particolari categorie, pu\u00f2 essere:<ul><li>obbligatorio in relazione agli obblighi previsti da leggi, da regolamenti e dalla normativa dell\u2019Unione Europea, nonch\u00e9 da disposizioni impartite da autorit\u00e0 a ci\u00f2 legittimate e da organi di vigilanza e controllo, nonch\u00e9 agli obblighi in materia fiscale e contabile;<\/li><li>imprescindibile alla conclusione di nuovi rapporti o alla gestione ed esecuzione dei rapporti contrattuali in essere ovvero in corso di costituzione.<\/li><\/ul><\/li><li><strong><u>Rifiuto di conferimento dei dati<\/u><\/strong>: l\u2019eventuale rifiuto da parte dell\u2019interessato di conferire dati personali per le finalit\u00e0 indicate al punto 4 lettere a) b) c) della presente informativa comporta l\u2019impossibilit\u00e0 di procedere alla corretta e completa esecuzione dei rapporti contrattuali in essere ovvero in corso di costituzione.<\/li><\/ol><ol start=\"12\"><li><strong><u>Periodo di conservazione dei dati<\/u><\/strong>: i\u00a0dati personali saranno conservati in una forma che consenta la loro identificazione per un arco di tempo non superiore al conseguimento delle finalit\u00e0 per le quali sono trattati, e comunque nel rispetto degli obblighi di legge relativi ai tempi di conservazione dei dati (accertamenti fiscali e termini di prescrizione per l\u2019esercizio dei diritti).<\/li><\/ol><ol start=\"13\"><li><strong><u>Diritti dell\u2019interessato<\/u><\/strong>: al titolare del trattamento ci si potr\u00e0 rivolgere per far valere i propri diritti, cos\u00ec come previsti dal Regolamento, ed in particolare il diritto:<\/li><\/ol><ul><li>di chiedere al titolare del trattamento l\u2019accesso ai dati personali e la rettifica o la cancellazione degli stessi o la limitazione del trattamento dei dati personali che lo riguardano e di opporsi al loro trattamento, oltre al diritto alla portabilit\u00e0 dei dati;<\/li><li>di proporre reclamo a un\u2019autorit\u00e0 di controllo;<\/li><li>di conoscere la fonte da cui hanno origine i dati personali e, se del caso, l\u2019eventualit\u00e0 che i dati provengano da fonti accessibili al pubblico;<\/li><li>di ottenere dal titolare del trattamento la conferma che sia o meno in corso un trattamento di dati personali che lo riguardano e in tal caso, di ottenere l\u2019accesso ai dati personali e alle seguenti informazioni:<\/li><\/ul><ol><li>le finalit\u00e0 del trattamento;<\/li><li>le categorie di dati personali in questione;<\/li><li>i destinatari o le categorie di destinatari a cui i dati personali sono stati o saranno comunicati, in particolare se destinatari di paesi terzi o organizzazioni internazionali;<\/li><li>quando possibile, il periodo di conservazione dei dati personali previsto oppure, se non \u00e8 possibile, i criteri utilizzati per determinare tale periodo;<\/li><\/ol><ul><li>di chiedere al titolare del trattamento la rettifica o la cancellazione dei dati personali o la limitazione del trattamento dei dati personali che lo riguardano o di opporsi al loro trattamento;<\/li><li>di conoscere, qualora i dati non siano raccolti presso l\u2019interessato, tutte le informazioni disponibili sulla loro origine, sull\u2019esistenza di un processo decisionale automatizzato, compresa la profilazione e, almeno in tali casi, informazioni significative sulla logica utilizzata, nonch\u00e9 l\u2019importanza e le conseguenze previste di tale trattamento per l\u2019interessato;<\/li><li>di ottenere dal titolare del trattamento la rettifica dei dati personali inesatti che lo riguardano senza ingiustificato ritardo;<\/li><li>di ottenere, tenuto conto delle finalit\u00e0 del trattamento, l\u2019integrazione dei dati personali incompleti, anche fornendo una dichiarazione integrativa;<\/li><li>di ottenere dal titolare del trattamento la cancellazione dei dati personali che lo riguardano senza ingiustificato ritardo;<\/li><li>di ottenere dal titolare del trattamento la limitazione del trattamento nel caso in cui contesti l\u2019esattezza dei dati personali, o si opponga alla cancellazione dei dati, o \u2013 bench\u00e8 il titolare non ne abbia pi\u00f9 bisogno ai fini del trattamento \u2013 i dati siano necessari all\u2019interessato per l\u2019accertamento, l\u2019esercizio o la difesa di un diritto in sede giudiziaria, o si sia opposto al trattamento effettuato dal titolare per il perseguimento di un proprio interesse legittimo;<\/li><li>di ricevere in un formato strutturato, di uso comune e leggibile da dispositivo automatico i dati personali che la riguardano e di trasmettere tali dati a un altro titolare del trattamento senza impedimenti da parte del titolare del trattamento cui li ha forniti (cd. diritto alla portabilit\u00e0 dei dati);<\/li><li>di opporsi in qualsiasi momento, per motivi connessi alla sua situazione particolare, al trattamento dei dati personali che lo riguardano (quando il trattamento \u00e8 necessario per l\u2019esecuzione di un compito di interesse pubblico o connesso all\u2019esercizio di pubblici poteri di cui \u00e8 investito il titolare, oppure quando il trattamento \u00e8 necessario per il perseguimento di un legittimo interesse del titolare), compresa la profilazione sulla base di tali disposizioni, nonch\u00e9 di opporsi al trattamento dei dati effettuato per finalit\u00e0 di marketing diretto.<\/li><\/ul><ol start=\"14\"><li><strong><u>I diritti di cui sopra potranno essere esercitati con richiesta scritta<\/u><\/strong> rivolta al Responsabile del trattamento a mezzo posta elettronica al seguente indirizzo e-mail:\u00a0<a href=\"mailto:privacy@aicqpiemonte.it\">privacy@aicqpiemonte.it<\/a> o anche via lettera raccomandata.<\/li><\/ol>\t\t\t\t\t\t<\/div>\n\t\t\t\t<\/div>\n\t\t\t\t\t<\/div>\n\t\t<\/div>\n\t\t\t\t\t\t\t<\/div>\n\t\t<\/section>\n\t\t\t\t<section class=\"elementor-section elementor-top-section elementor-element elementor-element-7e1b37b elementor-section-boxed elementor-section-height-default elementor-section-height-default\" data-id=\"7e1b37b\" data-element_type=\"section\">\n\t\t\t\t\t\t<div class=\"elementor-container elementor-column-gap-default\">\n\t\t\t\t\t<div class=\"elementor-column elementor-col-100 elementor-top-column elementor-element elementor-element-0a7f1c5\" data-id=\"0a7f1c5\" data-element_type=\"column\">\n\t\t\t<div class=\"elementor-widget-wrap elementor-element-populated\">\n\t\t\t\t\t\t\t\t<div class=\"elementor-element elementor-element-ad2add5 elementor-widget elementor-widget-heading\" data-id=\"ad2add5\" data-element_type=\"widget\" data-widget_type=\"heading.default\">\n\t\t\t\t<div class=\"elementor-widget-container\">\n\t\t\t<h2 class=\"elementor-heading-title elementor-size-default\">Liberatoria per l'utilizzo di immagini e video<br>Informativa ai sensi dell\u2019art. 13 del Regolamento 016\/679\/Ue<\/h2>\t\t<\/div>\n\t\t\t\t<\/div>\n\t\t\t\t<div class=\"elementor-element elementor-element-4d808ba elementor-widget elementor-widget-text-editor\" data-id=\"4d808ba\" data-element_type=\"widget\" data-widget_type=\"text-editor.default\">\n\t\t\t\t<div class=\"elementor-widget-container\">\n\t\t\t\t\t\t\t<p>Ai sensi degli artt. 13 e 14 del Regolamento 2016\/679\/UE (nel seguito \u201cGDPR\u201d) e del DLG. 196\/2003 e successive modifiche (di seguito Codice Privacy) AICQ Piemontese (nel seguito \u201cTitolare\u201d) con sede c\/o Skillab Srl, Corso Stati Uniti, 38 \u2013 10128 Torino, ed il co-organizzatore Associazione ITALIAN IDENTITY, nella sua veste di \u201cTitolare del trattamento\u201d, La invita a leggere con attenzione la presente informativa privacy perch\u00e9 contiene informazioni importanti sulla tutela dei Suoi dati personali.<\/p><p>Il trattamento dei Suoi dati personali avviene nel rispetto dei principi di liceit\u00e0, correttezza, trasparenza, limitazione della finalit\u00e0 e della conservazione, minimizzazione, esattezza, integrit\u00e0 e riservatezza e del principio di responsabilizzazione di cui all\u2019art. 5 del GDPR.<\/p><ol><li><strong> Titolare del trattamento.<br \/><\/strong>Il titolare del trattamento dei Suoi dati personali \u00e8 AICQ Piemontese (nel seguito \u201cTitolare\u201d) con sede in c\/o Skillab Srl, Corso Stati Uniti, 38 \u2013 10128 Torino, , p.iva 09443310017, tel. 011.518..32.20, indirizzo mail <a href=\"mailto:segreteria@aicqpiemonte.it\">segreteria@aicqpiemonte.it<\/a>.<\/li><\/ol><ol start=\"2\"><li><strong> Dati trattati e Finalit\u00e0 di trattamento.<br \/><\/strong>Il titolare conserver\u00e0 nei propri archivi anche informatici e utilizzer\u00e0 i dati personali, le foto e gli audiovideo dei partecipanti per finalit\u00e0 informative e promozionali, anche mediante la realizzazione di brochure cartacee, e la pubblicazione su siti web, pagine Facebook e su altri social network, riproduzioni su giornali e riviste.<\/li><\/ol><ol start=\"3\"><li><strong> Obbligatoriet\u00e0 o meno del conferimento.<br \/><\/strong>Il conferimento dei dati \u00e8 obbligatorio. Il titolare del trattamento precisa che non potendo garantire il rispetto della non autorizzazione non potr\u00e0 far accedere all\u2019evento.<\/li><\/ol><ol start=\"4\"><li><strong> Comunicazione e diffusione dei dati.<br \/><\/strong>Nei limiti delle predette finalit\u00e0 del trattamento, i dati personali potranno essere oggetto di comunicazione, pubblicazione, e\/o diffusione in qualsiasi forma sul sito web, sulle pagine social network del titolare del trattamento, su carta stampata e su qualsiasi altro mezzo di diffusione.<\/li><\/ol><ol start=\"5\"><li><strong> Diritti dell\u2019interessato.<br \/><\/strong>In ogni momento potr\u00e0 esercitare i Suoi diritti nei confronti del titolare del trattamento.<\/li><\/ol><ol start=\"6\"><li><strong> Trasferimento di dati all\u2019estero.<br \/><\/strong>Il titolare non effettua trattamenti di dati all\u2019estero. Qualora in futuro fosse necessario condividere i Suoi dati con destinatari che si trovano al di fuori dello spazio economico Europeo, il titolare pone il massimo impegno per far si che il trattamento da parte di questi destinatari avvenga nel rispetto del GDPR. I trasferimenti si possono basare su una decisione di adeguatezza o sulle clausole contrattuali tipo di volta in volta individuate dalla Commissione Europea per il trasferimento dei dati personali da un titolare stabilito nell\u2019Ue verso un destinatario extra Ue o sulle clausole tipo di protezione dei dati adottate dalla Commissione secondo la procedura d\u2019esame di cui all\u2019art. 93.2 del GDPR o ancora sulle clausole tipo di protezione dei dati adottate da un\u2019autorit\u00e0 di controllo e approvate dalla Commissione secondo la procedura d\u2019esame di cui all\u2019art. 93.2 del GDPR.<\/li><\/ol><ol start=\"7\"><li><strong> Per quanto tempo conserviamo i Suoi dati.<br \/><\/strong>I dati raccolti verranno conservati per un arco di tempo non superiore al raggiungimento delle finalit\u00e0 per cui sono trattati e\/o per il tempo necessario ad adempiere agli obblighi di legge.<\/li><\/ol><ol start=\"8\"><li><strong> Quali sono i Suoi diritti in qualit\u00e0 di interessato al trattamento.<br \/><\/strong>Ai sensi degli artt. 15 e ss del GDPR ha il diritto di chiedere al titolare in ogni momento l\u2019accesso ai Suoi dati personali, la rettifica o la cancellazione degli stessi o di opporsi al loro trattamento ai sensi dell\u2019art. 21 del GDPR. Ha altres\u00ec diritto di richiedere la limitazione del trattamento nel casi previsti dall\u2019art. 18 del GDPR nonch\u00e9 di ottenere in formato strutturato, di uso comune e leggibile da dispositivo automatico i dati personali che La riguardano, nei casi previsti dall\u2019art. 20 del GDPR.<br \/>Con specifico riferimento al Suo diritto di ottenere la cancellazione dei Suoi dati personali, teniamo a chiarire che la normativa applicabile prevede che non possano essere cancellati i dati personali che risultano necessari (art. 17.3 del GDPR). Di conseguenza se richieder\u00e0 la cancellazione dei Suoi dati, la cancellazione non potr\u00e0 ricomprendere i dati sopra descritti.<br \/>Potr\u00e0 esercitare i diritti sopra indicati, inviando una richiesta scritta al titolare ai seguenti recapiti:<br \/>AICQ Piemontese (nel seguito \u201cTitolare\u201d) con sede in c\/o Skillab Srl, Corso Stati Uniti, 38 \u2013 10128 Torino, p.iva 09443310017, tel. 011.518.22.20, indirizzo mail <a href=\"mailto:segreteria@aicqpiemonte.it\">segreteria@aicqpiemonte.it<\/a><\/li><\/ol><p>La informiamo che ha sempre il diritto di proporre reclamo all\u2019Autorit\u00e0 di controllo competente ai sensi dell\u2019art. 77 del GDPR oppure di rivolgersi all\u2019Autorit\u00e0 giudiziaria ordinaria competente qualora ritenga che il trattamento dei Suoi dati sia contrario alla normativa vigente.<\/p>\t\t\t\t\t\t<\/div>\n\t\t\t\t<\/div>\n\t\t\t\t<div class=\"elementor-element elementor-element-1750744 elementor-widget elementor-widget-button\" data-id=\"1750744\" data-element_type=\"widget\" data-widget_type=\"button.default\">\n\t\t\t\t<div class=\"elementor-widget-container\">\n\t\t\t\t\t<div class=\"elementor-button-wrapper\">\n\t\t\t<a class=\"elementor-button elementor-button-link elementor-size-md\" href=\"https:\/\/aicqpiemonte.it\/wp-content\/uploads\/2023\/01\/Liberatoria-immagini-e-informativa-privacy_AICQPIEMONTESE.pdf\">\n\t\t\t\t\t\t<span class=\"elementor-button-content-wrapper\">\n\t\t\t\t\t\t<span class=\"elementor-button-text\">SCARICA LA LIBERATORIA<\/span>\n\t\t<\/span>\n\t\t\t\t\t<\/a>\n\t\t<\/div>\n\t\t\t\t<\/div>\n\t\t\t\t<\/div>\n\t\t\t\t\t<\/div>\n\t\t<\/div>\n\t\t\t\t\t\t\t<\/div>\n\t\t<\/section>\n\t\t\t\t\t\t\t<\/div>\n\t\t","protected":false},"excerpt":{"rendered":"<p>Informativa sul trattamento dei dati personali La presente per informare che presso la nostra azienda viene effettuato il trattamento dei dati personali nel pieno rispetto della vigente normativa nazionale dell\u2019Unione Europea in materia di trattamento dei dati personali. \u00a0 Ai sensi dell\u2019art. 13 e 14 del REGOLAMENTO UE 679\/2016 informiamo che: \u00a0 Titolare del trattamento [&hellip;]<\/p>\n","protected":false},"author":1,"featured_media":0,"parent":0,"menu_order":0,"comment_status":"closed","ping_status":"closed","template":"","meta":{"inline_featured_image":false,"footnotes":""},"class_list":["post-16880","page","type-page","status-publish","hentry"],"_links":{"self":[{"href":"https:\/\/aicqpiemonte.it\/index.php\/wp-json\/wp\/v2\/pages\/16880","targetHints":{"allow":["GET"]}}],"collection":[{"href":"https:\/\/aicqpiemonte.it\/index.php\/wp-json\/wp\/v2\/pages"}],"about":[{"href":"https:\/\/aicqpiemonte.it\/index.php\/wp-json\/wp\/v2\/types\/page"}],"author":[{"embeddable":true,"href":"https:\/\/aicqpiemonte.it\/index.php\/wp-json\/wp\/v2\/users\/1"}],"replies":[{"embeddable":true,"href":"https:\/\/aicqpiemonte.it\/index.php\/wp-json\/wp\/v2\/comments?post=16880"}],"version-history":[{"count":6,"href":"https:\/\/aicqpiemonte.it\/index.php\/wp-json\/wp\/v2\/pages\/16880\/revisions"}],"predecessor-version":[{"id":16887,"href":"https:\/\/aicqpiemonte.it\/index.php\/wp-json\/wp\/v2\/pages\/16880\/revisions\/16887"}],"wp:attachment":[{"href":"https:\/\/aicqpiemonte.it\/index.php\/wp-json\/wp\/v2\/media?parent=16880"}],"curies":[{"name":"wp","href":"https:\/\/api.w.org\/{rel}","templated":true}]}}